{"id":21324,"date":"2016-08-08T10:10:36","date_gmt":"2016-08-08T09:10:36","guid":{"rendered":"https:\/\/tablaolaherreria.com\/ca\/la-herreria-jesus-blanco\/"},"modified":"2026-03-01T02:32:39","modified_gmt":"2026-03-01T01:32:39","slug":"tablao-la-herreria","status":"publish","type":"page","link":"https:\/\/tablaolaherreria.com\/ca\/tablao-la-herreria\/","title":{"rendered":"La Herrer\u00eda"},"content":{"rendered":"<p>[vc_row top_padding=&#8221;80&#8243; class=&#8221;hidden&#8221; bg_position=&#8221;center center&#8221;][vc_column width=&#8221;1\/1&#8243;]<h2 class=\"headline inherit 28px inherit lh-inherit center transform-inherit \" style=\"margin:  0; color: #666666;\">We are a small interactive agency and we hand-craft creative Web Solutions with Solid Strategies, User-Centred Designs &amp; Powerful Technologies.<\/h2><div class=\"divider divider1\" style='margin:65px 0 80px 0 !important;'><\/div>[\/vc_column][\/vc_row][vc_row top_padding=&#8221;100&#8243; bottom_padding=&#8221;60&#8243; bg_position=&#8221;left top&#8221;][vc_column width=&#8221;2\/3&#8243;][vc_column_text]\u201c<em>La Herrer\u00eda<\/em>\u201d \u00e9s un d&#8217;aquests llocs \u00fanics, m\u00e0gics\u2026<br \/>\nd&#8217;energia diferent, que fa que tota persona que s&#8217;acosta a ell<br \/>\nvisqui una experi\u00e8ncia que amb tota seguretat mai oblidar\u00e0.<br \/>\nA aquests llocs se&#8217;n diu temples\u2026<\/p>\n<p>\u201c<em>La Herrer\u00eda<\/em>\u201d \u00e9s un d&#8217;aquests temples on es respira<br \/>\nl&#8217;art del flamenc en la seva m\u00e0xima expressi\u00f3,<br \/>\non la fusi\u00f3 entre el p\u00fablic i l&#8217;artista \u00e9s completa al m\u00e0xim\u2026<br \/>\nUn lloc on el respecte per aquest art \u00e9s tan gran,<br \/>\nque tot artista que puja al tablao nota aquest respecte al moment.<\/p>\n<p>Aqu\u00ed es reuneixen els millors artistes del m\u00f3n del flamenc actual.<\/p>\n<p>Per aix\u00f2 el Tablao flamenc \u201cLa Ferreria\u201d no \u00e9s un lloc com\u00fa\u2026<br \/>\n\u2026\u00c9s el lloc on es forgen els somnis\u2026<\/p>\n<p><strong>El perqu\u00e8 de \u201c<em>La Herrer\u00eda<\/em>\u201d\u00a0<\/strong><\/p>\n<p><em>La Herrer\u00eda<\/em> t\u00e9 el seu nom pels cantis de forja,<br \/>\non els ferrers de llavors cantaven amb el forn a m\u00e9s de mil graus<br \/>\ni el seu martell a la m\u00e0 mentre el copejaven contra l&#8217;enclusa<br \/>\ni aix\u00ed li donaven forma al material\u2026 el ferro.<\/p>\n<p>I a m\u00e9s\u2026 soc Jes\u00fas Blanco, ballador<br \/>\ni ferrer de professi\u00f3, i fill de ferrer.<\/p>\n<p>\u00c9s per aquest motiu tamb\u00e9 que li dono aquest nom,<br \/>\nper a retre-li homenatge en vida al meu pare i seguir el negoci familiar<br \/>\npel riu de ferro colat que uneix els dos camins,<br \/>\nel del ferro i el de l&#8217;art, fins a la desembocadura de l&#8217;\u00e0nima\u2026[\/vc_column_text][\/vc_column][vc_column width=&#8221;1\/3&#8243;]<div class=\"single_image wpb_content_element align-right  image_box_rounded  \" data-animation=\"none\" data-delay=\"0\"><img width=\"1500\" height=\"1000\" src=\"https:\/\/tablaolaherreria.com\/wp-content\/uploads\/2015\/04\/lah12.jpg\" class=\"attachment-full\" alt=\"\" loading=\"lazy\" srcset=\"https:\/\/tablaolaherreria.com\/wp-content\/uploads\/2015\/04\/lah12.jpg 1500w, https:\/\/tablaolaherreria.com\/wp-content\/uploads\/2015\/04\/lah12-600x400.jpg 600w, https:\/\/tablaolaherreria.com\/wp-content\/uploads\/2015\/04\/lah12-300x200.jpg 300w, https:\/\/tablaolaherreria.com\/wp-content\/uploads\/2015\/04\/lah12-768x512.jpg 768w, https:\/\/tablaolaherreria.com\/wp-content\/uploads\/2015\/04\/lah12-1024x683.jpg 1024w, https:\/\/tablaolaherreria.com\/wp-content\/uploads\/2015\/04\/lah12-260x174.jpg 260w, https:\/\/tablaolaherreria.com\/wp-content\/uploads\/2015\/04\/lah12-408x272.jpg 408w, https:\/\/tablaolaherreria.com\/wp-content\/uploads\/2015\/04\/lah12-840x560.jpg 840w, https:\/\/tablaolaherreria.com\/wp-content\/uploads\/2015\/04\/lah12-1170x780.jpg 1170w\" sizes=\"(max-width: 1500px) 100vw, 1500px\" \/><\/div><div class=\"single_image wpb_content_element align-right  image_box_rounded  \" data-animation=\"none\" data-delay=\"0\"><img width=\"1920\" height=\"1280\" src=\"https:\/\/tablaolaherreria.com\/wp-content\/uploads\/2016\/06\/2016.06.11_Visita-guiada-25.jpg\" class=\"attachment-full\" alt=\"\" loading=\"lazy\" srcset=\"https:\/\/tablaolaherreria.com\/wp-content\/uploads\/2016\/06\/2016.06.11_Visita-guiada-25.jpg 1920w, https:\/\/tablaolaherreria.com\/wp-content\/uploads\/2016\/06\/2016.06.11_Visita-guiada-25-600x400.jpg 600w, https:\/\/tablaolaherreria.com\/wp-content\/uploads\/2016\/06\/2016.06.11_Visita-guiada-25-300x200.jpg 300w, https:\/\/tablaolaherreria.com\/wp-content\/uploads\/2016\/06\/2016.06.11_Visita-guiada-25-768x512.jpg 768w, https:\/\/tablaolaherreria.com\/wp-content\/uploads\/2016\/06\/2016.06.11_Visita-guiada-25-1024x683.jpg 1024w, https:\/\/tablaolaherreria.com\/wp-content\/uploads\/2016\/06\/2016.06.11_Visita-guiada-25-260x174.jpg 260w, https:\/\/tablaolaherreria.com\/wp-content\/uploads\/2016\/06\/2016.06.11_Visita-guiada-25-408x272.jpg 408w, https:\/\/tablaolaherreria.com\/wp-content\/uploads\/2016\/06\/2016.06.11_Visita-guiada-25-840x560.jpg 840w, https:\/\/tablaolaherreria.com\/wp-content\/uploads\/2016\/06\/2016.06.11_Visita-guiada-25-1170x780.jpg 1170w\" sizes=\"(max-width: 1920px) 100vw, 1920px\" \/><\/div><div class=\"single_image wpb_content_element align-right  image_box_rounded  \" data-animation=\"none\" data-delay=\"0\"><img width=\"1920\" height=\"1280\" src=\"https:\/\/tablaolaherreria.com\/wp-content\/uploads\/2015\/05\/13522792_1719733991627561_5756484286806647564_o.jpg\" class=\"attachment-full\" alt=\"\" loading=\"lazy\" srcset=\"https:\/\/tablaolaherreria.com\/wp-content\/uploads\/2015\/05\/13522792_1719733991627561_5756484286806647564_o.jpg 1920w, https:\/\/tablaolaherreria.com\/wp-content\/uploads\/2015\/05\/13522792_1719733991627561_5756484286806647564_o-600x400.jpg 600w, https:\/\/tablaolaherreria.com\/wp-content\/uploads\/2015\/05\/13522792_1719733991627561_5756484286806647564_o-300x200.jpg 300w, https:\/\/tablaolaherreria.com\/wp-content\/uploads\/2015\/05\/13522792_1719733991627561_5756484286806647564_o-768x512.jpg 768w, https:\/\/tablaolaherreria.com\/wp-content\/uploads\/2015\/05\/13522792_1719733991627561_5756484286806647564_o-1024x683.jpg 1024w, https:\/\/tablaolaherreria.com\/wp-content\/uploads\/2015\/05\/13522792_1719733991627561_5756484286806647564_o-260x174.jpg 260w, https:\/\/tablaolaherreria.com\/wp-content\/uploads\/2015\/05\/13522792_1719733991627561_5756484286806647564_o-408x272.jpg 408w, https:\/\/tablaolaherreria.com\/wp-content\/uploads\/2015\/05\/13522792_1719733991627561_5756484286806647564_o-840x560.jpg 840w, https:\/\/tablaolaherreria.com\/wp-content\/uploads\/2015\/05\/13522792_1719733991627561_5756484286806647564_o-1170x780.jpg 1170w\" sizes=\"(max-width: 1920px) 100vw, 1920px\" \/><\/div>[\/vc_column][\/vc_row][vc_row][vc_column width=&#8221;1\/1&#8243;]<div class=\"video-embed  wpb_content_element\"><iframe title=\"Tablao Flamenco La Herrer\u00eda\" width=\"1161\" height=\"653\" src=\"https:\/\/www.youtube.com\/embed\/x9CN5TVAWNI?feature=oembed\" frameborder=\"0\" allow=\"accelerometer; autoplay; clipboard-write; encrypted-media; gyroscope; picture-in-picture; web-share\" referrerpolicy=\"strict-origin-when-cross-origin\" allowfullscreen><\/iframe><\/div>[\/vc_column][\/vc_row]<\/p>\n","protected":false},"excerpt":{"rendered":"<p>[vc_row top_padding=&#8221;80&#8243; class=&#8221;hidden&#8221; bg_position=&#8221;center center&#8221;][vc_column width=&#8221;1\/1&#8243;][\/vc_column][\/vc_row][vc_row top_padding=&#8221;100&#8243; bottom_padding=&#8221;60&#8243; bg_position=&#8221;left top&#8221;][vc_column width=&#8221;2\/3&#8243;][vc_column_text]\u201cLa Herrer\u00eda\u201d \u00e9s un d&#8217;aquests llocs \u00fanics, m\u00e0gics\u2026 d&#8217;energia diferent, que fa que tota persona que s&#8217;acosta a ell visqui una experi\u00e8ncia que amb tota seguretat mai oblidar\u00e0. A aquests llocs se&#8217;n diu temples\u2026 \u201cLa Herrer\u00eda\u201d \u00e9s un d&#8217;aquests temples on es respira l&#8217;art del flamenc en la seva m\u00e0xima expressi\u00f3, on la fusi\u00f3 entre el p\u00fablic i l&#8217;artista \u00e9s completa al m\u00e0xim\u2026 Un lloc on el respecte per aquest art \u00e9s tan gran, que tot artista que puja al tablao nota aquest respecte al moment. Aqu\u00ed es reuneixen els millors artistes del m\u00f3n del flamenc actual. Per aix\u00f2 el Tablao flamenc \u201cLa Ferreria\u201d no \u00e9s un lloc com\u00fa\u2026 \u2026\u00c9s el lloc on es forgen els somnis\u2026 El perqu\u00e8 de \u201cLa Herrer\u00eda\u201d\u00a0 La Herrer\u00eda t\u00e9 el seu nom pels cantis de forja, on els ferrers de llavors cantaven amb el forn a m\u00e9s de mil graus i el seu martell a la m\u00e0 mentre el copejaven contra l&#8217;enclusa i aix\u00ed li donaven forma al material\u2026 el ferro. I a m\u00e9s\u2026 soc Jes\u00fas Blanco, ballador i ferrer de professi\u00f3, i fill de ferrer. \u00c9s per aquest motiu tamb\u00e9 que li dono [&hellip;]<\/p>\n","protected":false},"author":158,"featured_media":0,"parent":0,"menu_order":2,"comment_status":"closed","ping_status":"closed","template":"","meta":[],"yoast_head":"<!-- This site is optimized with the Yoast SEO plugin v18.2 - https:\/\/yoast.com\/wordpress\/plugins\/seo\/ -->\n<meta name=\"description\" content=\"La Herrer\u00eda Jes\u00fas Blanco bailaor e hijo de herrero. Es por ese motivo tambi\u00e9n que le doy este nombre, para rendirle homenaje en vida a mi padre. lugar donde\" \/>\n<meta name=\"robots\" content=\"index, follow, max-snippet:-1, max-image-preview:large, max-video-preview:-1\" \/>\n<link rel=\"canonical\" href=\"https:\/\/tablaolaherreria.com\/ca\/tablao-la-herreria\/\" \/>\n<meta property=\"og:locale\" content=\"ca_ES\" \/>\n<meta property=\"og:type\" content=\"article\" \/>\n<meta property=\"og:title\" content=\"La Herrer\u00eda - La Herrer\u00eda Tablao flamenco\" \/>\n<meta property=\"og:description\" content=\"La Herrer\u00eda Jes\u00fas Blanco bailaor e hijo de herrero. Es por ese motivo tambi\u00e9n que le doy este nombre, para rendirle homenaje en vida a mi padre. lugar donde\" \/>\n<meta property=\"og:url\" content=\"https:\/\/tablaolaherreria.com\/ca\/tablao-la-herreria\/\" \/>\n<meta property=\"og:site_name\" content=\"La Herrer\u00eda Tablao flamenco\" \/>\n<meta property=\"article:modified_time\" content=\"2026-03-01T01:32:39+00:00\" \/>\n<meta name=\"twitter:card\" content=\"summary\" \/>\n<meta name=\"twitter:label1\" content=\"Est. reading time\" \/>\n\t<meta name=\"twitter:data1\" content=\"2 minutes\" \/>\n<script type=\"application\/ld+json\" class=\"yoast-schema-graph\">{\"@context\":\"https:\/\/schema.org\",\"@graph\":[{\"@type\":\"Organization\",\"@id\":\"https:\/\/tablaolaherreria.com\/#organization\",\"name\":\"La Herrer\u00eda\",\"url\":\"https:\/\/tablaolaherreria.com\/\",\"sameAs\":[],\"logo\":{\"@type\":\"ImageObject\",\"@id\":\"https:\/\/tablaolaherreria.com\/#logo\",\"inLanguage\":\"ca\",\"url\":\"https:\/\/tablaolaherreria.com\/wp-content\/uploads\/2016\/06\/Logo-copy-1.png\",\"contentUrl\":\"https:\/\/tablaolaherreria.com\/wp-content\/uploads\/2016\/06\/Logo-copy-1.png\",\"width\":800,\"height\":272,\"caption\":\"La Herrer\u00eda\"},\"image\":{\"@id\":\"https:\/\/tablaolaherreria.com\/#logo\"}},{\"@type\":\"WebSite\",\"@id\":\"https:\/\/tablaolaherreria.com\/#website\",\"url\":\"https:\/\/tablaolaherreria.com\/\",\"name\":\"La Herrer\u00eda Tablao flamenco\",\"description\":\"Tablao Flamenco Tarragona\",\"publisher\":{\"@id\":\"https:\/\/tablaolaherreria.com\/#organization\"},\"potentialAction\":[{\"@type\":\"SearchAction\",\"target\":{\"@type\":\"EntryPoint\",\"urlTemplate\":\"https:\/\/tablaolaherreria.com\/?s={search_term_string}\"},\"query-input\":\"required name=search_term_string\"}],\"inLanguage\":\"ca\"},{\"@type\":\"WebPage\",\"@id\":\"https:\/\/tablaolaherreria.com\/ca\/tablao-la-herreria\/#webpage\",\"url\":\"https:\/\/tablaolaherreria.com\/ca\/tablao-la-herreria\/\",\"name\":\"La Herrer\u00eda - La Herrer\u00eda Tablao flamenco\",\"isPartOf\":{\"@id\":\"https:\/\/tablaolaherreria.com\/#website\"},\"datePublished\":\"2016-08-08T09:10:36+00:00\",\"dateModified\":\"2026-03-01T01:32:39+00:00\",\"description\":\"La Herrer\u00eda Jes\u00fas Blanco bailaor e hijo de herrero. Es por ese motivo tambi\u00e9n que le doy este nombre, para rendirle homenaje en vida a mi padre. lugar donde\",\"breadcrumb\":{\"@id\":\"https:\/\/tablaolaherreria.com\/ca\/tablao-la-herreria\/#breadcrumb\"},\"inLanguage\":\"ca\",\"potentialAction\":[{\"@type\":\"ReadAction\",\"target\":[\"https:\/\/tablaolaherreria.com\/ca\/tablao-la-herreria\/\"]}]},{\"@type\":\"BreadcrumbList\",\"@id\":\"https:\/\/tablaolaherreria.com\/ca\/tablao-la-herreria\/#breadcrumb\",\"itemListElement\":[{\"@type\":\"ListItem\",\"position\":1,\"name\":\"Portada\",\"item\":\"https:\/\/tablaolaherreria.com\/ca\/\"},{\"@type\":\"ListItem\",\"position\":2,\"name\":\"La Herrer\u00eda\"}]}]}<\/script>\n<!-- \/ Yoast SEO plugin. -->","yoast_head_json":{"description":"La Herrer\u00eda Jes\u00fas Blanco bailaor e hijo de herrero. Es por ese motivo tambi\u00e9n que le doy este nombre, para rendirle homenaje en vida a mi padre. lugar donde","robots":{"index":"index","follow":"follow","max-snippet":"max-snippet:-1","max-image-preview":"max-image-preview:large","max-video-preview":"max-video-preview:-1"},"canonical":"https:\/\/tablaolaherreria.com\/ca\/tablao-la-herreria\/","og_locale":"ca_ES","og_type":"article","og_title":"La Herrer\u00eda - La Herrer\u00eda Tablao flamenco","og_description":"La Herrer\u00eda Jes\u00fas Blanco bailaor e hijo de herrero. Es por ese motivo tambi\u00e9n que le doy este nombre, para rendirle homenaje en vida a mi padre. lugar donde","og_url":"https:\/\/tablaolaherreria.com\/ca\/tablao-la-herreria\/","og_site_name":"La Herrer\u00eda Tablao flamenco","article_modified_time":"2026-03-01T01:32:39+00:00","twitter_card":"summary","twitter_misc":{"Est. reading time":"2 minutes"},"schema":{"@context":"https:\/\/schema.org","@graph":[{"@type":"Organization","@id":"https:\/\/tablaolaherreria.com\/#organization","name":"La Herrer\u00eda","url":"https:\/\/tablaolaherreria.com\/","sameAs":[],"logo":{"@type":"ImageObject","@id":"https:\/\/tablaolaherreria.com\/#logo","inLanguage":"ca","url":"https:\/\/tablaolaherreria.com\/wp-content\/uploads\/2016\/06\/Logo-copy-1.png","contentUrl":"https:\/\/tablaolaherreria.com\/wp-content\/uploads\/2016\/06\/Logo-copy-1.png","width":800,"height":272,"caption":"La Herrer\u00eda"},"image":{"@id":"https:\/\/tablaolaherreria.com\/#logo"}},{"@type":"WebSite","@id":"https:\/\/tablaolaherreria.com\/#website","url":"https:\/\/tablaolaherreria.com\/","name":"La Herrer\u00eda Tablao flamenco","description":"Tablao Flamenco Tarragona","publisher":{"@id":"https:\/\/tablaolaherreria.com\/#organization"},"potentialAction":[{"@type":"SearchAction","target":{"@type":"EntryPoint","urlTemplate":"https:\/\/tablaolaherreria.com\/?s={search_term_string}"},"query-input":"required name=search_term_string"}],"inLanguage":"ca"},{"@type":"WebPage","@id":"https:\/\/tablaolaherreria.com\/ca\/tablao-la-herreria\/#webpage","url":"https:\/\/tablaolaherreria.com\/ca\/tablao-la-herreria\/","name":"La Herrer\u00eda - La Herrer\u00eda Tablao flamenco","isPartOf":{"@id":"https:\/\/tablaolaherreria.com\/#website"},"datePublished":"2016-08-08T09:10:36+00:00","dateModified":"2026-03-01T01:32:39+00:00","description":"La Herrer\u00eda Jes\u00fas Blanco bailaor e hijo de herrero. Es por ese motivo tambi\u00e9n que le doy este nombre, para rendirle homenaje en vida a mi padre. lugar donde","breadcrumb":{"@id":"https:\/\/tablaolaherreria.com\/ca\/tablao-la-herreria\/#breadcrumb"},"inLanguage":"ca","potentialAction":[{"@type":"ReadAction","target":["https:\/\/tablaolaherreria.com\/ca\/tablao-la-herreria\/"]}]},{"@type":"BreadcrumbList","@id":"https:\/\/tablaolaherreria.com\/ca\/tablao-la-herreria\/#breadcrumb","itemListElement":[{"@type":"ListItem","position":1,"name":"Portada","item":"https:\/\/tablaolaherreria.com\/ca\/"},{"@type":"ListItem","position":2,"name":"La Herrer\u00eda"}]}]}},"_links":{"self":[{"href":"https:\/\/tablaolaherreria.com\/ca\/wp-json\/wp\/v2\/pages\/21324"}],"collection":[{"href":"https:\/\/tablaolaherreria.com\/ca\/wp-json\/wp\/v2\/pages"}],"about":[{"href":"https:\/\/tablaolaherreria.com\/ca\/wp-json\/wp\/v2\/types\/page"}],"author":[{"embeddable":true,"href":"https:\/\/tablaolaherreria.com\/ca\/wp-json\/wp\/v2\/users\/158"}],"replies":[{"embeddable":true,"href":"https:\/\/tablaolaherreria.com\/ca\/wp-json\/wp\/v2\/comments?post=21324"}],"version-history":[{"count":6,"href":"https:\/\/tablaolaherreria.com\/ca\/wp-json\/wp\/v2\/pages\/21324\/revisions"}],"predecessor-version":[{"id":21485,"href":"https:\/\/tablaolaherreria.com\/ca\/wp-json\/wp\/v2\/pages\/21324\/revisions\/21485"}],"wp:attachment":[{"href":"https:\/\/tablaolaherreria.com\/ca\/wp-json\/wp\/v2\/media?parent=21324"}],"curies":[{"name":"wp","href":"https:\/\/api.w.org\/{rel}","templated":true}]}}