{"id":21465,"date":"2026-03-01T02:02:52","date_gmt":"2026-03-01T01:02:52","guid":{"rendered":"https:\/\/tablaolaherreria.com\/ca\/?page_id=21465"},"modified":"2026-03-01T02:03:51","modified_gmt":"2026-03-01T01:03:51","slug":"flamenc-espanya-experiencia","status":"publish","type":"page","link":"https:\/\/tablaolaherreria.com\/ca\/flamenc-espanya-experiencia\/","title":{"rendered":"FLAMENC ESPANYA EXPERI\u00c8NCIA"},"content":{"rendered":"<p>[vc_row][vc_column width=&#8221;1\/2&#8243;]<div class=\"spacer\" style=\"height: 40px;\"><\/div>[vc_column_text]FLAMENC ESPANYA EXPERI\u00c8NCIA \u00e9s un espectacle de flamenc de tall tradicional, creat per a gira internacional sota demanda, que convida al p\u00fablic a submergir-se en l&#8217;ess\u00e8ncia m\u00e9s aut\u00e8ntica d&#8217;aquest art universal. A trav\u00e9s del canti, el ball i la m\u00fasica en directe, es mostren els pals m\u00e9s representatius del flamenc i la nostra manera d&#8217;expressar-nos i presentar-nos davant el m\u00f3n.<\/p>\n<p>Sobre l&#8217;escenari, l&#8217;espectador podr\u00e0 gaudir de la riquesa est\u00e8tica i simb\u00f2lica del flamenc: castanyoles, ventalls, mantons, bata de cua i elegants vestits que acompanyen cada quadre amb for\u00e7a, eleg\u00e0ncia i veritat.<\/p>\n<p>Un espectacle pensat per a sentir, comprendre i viure el flamenc en la seva forma m\u00e9s pura. S&#8217;interpreten cantis i balls com la sole\u00e1, les alegries de Cadis, els tangos de Granada, les sevillanes de Sevilla, les seguiriyas, el martinet de nit i les buleries, oferint un recorregut complet per la diversitat i l&#8217;\u00e0nima del flamenc.[\/vc_column_text]<div class=\"spacer\" style=\"height: 20px;\"><\/div>[\/vc_column][vc_column width=&#8221;1\/2&#8243;]<div class=\"spacer\" style=\"height: 40px;\"><\/div>[vc_column_text]<\/p>\n<p class=\"cvGsUA direction-ltr align-justify para-style-body\"><span class=\"a_GcMg font-feature-liga-off font-feature-clig-off font-feature-calt-off text-decoration-none text-strikethrough-none\">FLAMENC ESPANYA EXPERI\u00c8NCIA<br \/>\nDurada: 1 hora i 20 minuts<br \/>\n<\/span><span class=\"a_GcMg font-feature-liga-off font-feature-clig-off font-feature-calt-off text-decoration-none text-strikethrough-none\">Compta amb <\/span><span class=\"a_GcMg font-feature-liga-off font-feature-clig-off font-feature-calt-off text-decoration-none text-strikethrough-none\">9 artistes en escena:<\/span><span class=\"a_GcMg font-feature-liga-off font-feature-clig-off font-feature-calt-off text-decoration-none text-strikethrough-none\"><br \/>\n<\/span><\/p>\n<ul>\n<li><span class=\"a_GcMg font-feature-liga-off font-feature-clig-off font-feature-calt-off text-decoration-none text-strikethrough-none\">3 bailaores<\/span><\/li>\n<li><span class=\"a_GcMg font-feature-liga-off font-feature-clig-off font-feature-calt-off text-decoration-none text-strikethrough-none\">1 bailaor<\/span><\/li>\n<li><span class=\"a_GcMg font-feature-liga-off font-feature-clig-off font-feature-calt-off text-decoration-none text-strikethrough-none\">2 cantaores<\/span><\/li>\n<li><span class=\"a_GcMg font-feature-liga-off font-feature-clig-off font-feature-calt-off text-decoration-none text-strikethrough-none\">1 guitarrista<\/span><\/li>\n<li><span class=\"a_GcMg font-feature-liga-off font-feature-clig-off font-feature-calt-off text-decoration-none text-strikethrough-none\">1 percussionista<\/span><\/li>\n<li><span class=\"a_GcMg font-feature-liga-off font-feature-clig-off font-feature-calt-off text-decoration-none text-strikethrough-none\">1 flautista<\/span><\/li>\n<\/ul>\n<p>L&#8217;espectacle est\u00e0 dirigit pel ballador i core\u00f2graf Jes\u00fas Blanco, distingit amb el Premi al M\u00e8rit Cultural en reconeixement a la seva destacada traject\u00f2ria en el m\u00f3n del flamenc. La seva mirada art\u00edstica cuida la tradici\u00f3 amb respecte, passi\u00f3 i profunditat, creant una experi\u00e8ncia intensa i honesta.[\/vc_column_text]<div class=\"spacer\" style=\"height: 20px;\"><\/div>[\/vc_column][\/vc_row][vc_row type=&#8221;full_width_section&#8221;][vc_column width=&#8221;1\/6&#8243;][\/vc_column][vc_column width=&#8221;2\/3&#8243;]<div class=\"video-embed  wpb_content_element\"><iframe title=\"Compa\u00f1\u00eda La Herrer\u00eda\" width=\"1161\" height=\"653\" src=\"https:\/\/www.youtube.com\/embed\/vRaMnAfRk-0?feature=oembed\" frameborder=\"0\" allow=\"accelerometer; autoplay; clipboard-write; encrypted-media; gyroscope; picture-in-picture; web-share\" referrerpolicy=\"strict-origin-when-cross-origin\" allowfullscreen><\/iframe><\/div>[\/vc_column][vc_column width=&#8221;1\/6&#8243;][\/vc_column][\/vc_row][vc_row][vc_column width=&#8221;1\/1&#8243;]<div class=\"spacer\" style=\"height: 40px;\"><\/div>[\/vc_column][\/vc_row][vc_row type=&#8221;full_width_section&#8221;][vc_column width=&#8221;1\/1&#8243;][vc_column_text]<\/p>\n<h2 style=\"text-align: center;\"><span class=\"a_GcMg font-feature-liga-off font-feature-clig-off font-feature-calt-off text-decoration-none text-strikethrough-none\"><strong>M\u00e9s d&#8217;una hora d&#8217;intensitat, emoci\u00f3 i entrega.<\/strong><br \/>\n<\/span><\/h2>\n<p>[\/vc_column_text]<div class=\"spacer\" style=\"height: 5px;\"><\/div>[\/vc_column][\/vc_row][vc_row type=&#8221;full_width_section&#8221;][vc_column width=&#8221;1\/3&#8243;]<div class=\"single_image wpb_content_element align-left    \" data-animation=\"none\" data-delay=\"0\"><img width=\"1900\" height=\"1267\" src=\"https:\/\/tablaolaherreria.com\/wp-content\/uploads\/2017\/08\/2017.05.10-Plaza-de-toros-64.jpg\" class=\"attachment-full\" alt=\"\" loading=\"lazy\" srcset=\"https:\/\/tablaolaherreria.com\/wp-content\/uploads\/2017\/08\/2017.05.10-Plaza-de-toros-64.jpg 1900w, https:\/\/tablaolaherreria.com\/wp-content\/uploads\/2017\/08\/2017.05.10-Plaza-de-toros-64-600x400.jpg 600w, https:\/\/tablaolaherreria.com\/wp-content\/uploads\/2017\/08\/2017.05.10-Plaza-de-toros-64-300x200.jpg 300w, https:\/\/tablaolaherreria.com\/wp-content\/uploads\/2017\/08\/2017.05.10-Plaza-de-toros-64-768x512.jpg 768w, https:\/\/tablaolaherreria.com\/wp-content\/uploads\/2017\/08\/2017.05.10-Plaza-de-toros-64-1024x683.jpg 1024w\" sizes=\"(max-width: 1900px) 100vw, 1900px\" \/><\/div>[\/vc_column][vc_column width=&#8221;1\/3&#8243;]<div class=\"single_image wpb_content_element align-left    \" data-animation=\"none\" data-delay=\"0\"><img width=\"1900\" height=\"1267\" src=\"https:\/\/tablaolaherreria.com\/wp-content\/uploads\/2017\/08\/2017.05.10-Plaza-de-toros-46.jpg\" class=\"attachment-full\" alt=\"\" loading=\"lazy\" srcset=\"https:\/\/tablaolaherreria.com\/wp-content\/uploads\/2017\/08\/2017.05.10-Plaza-de-toros-46.jpg 1900w, https:\/\/tablaolaherreria.com\/wp-content\/uploads\/2017\/08\/2017.05.10-Plaza-de-toros-46-600x400.jpg 600w, https:\/\/tablaolaherreria.com\/wp-content\/uploads\/2017\/08\/2017.05.10-Plaza-de-toros-46-300x200.jpg 300w, https:\/\/tablaolaherreria.com\/wp-content\/uploads\/2017\/08\/2017.05.10-Plaza-de-toros-46-768x512.jpg 768w, https:\/\/tablaolaherreria.com\/wp-content\/uploads\/2017\/08\/2017.05.10-Plaza-de-toros-46-1024x683.jpg 1024w\" sizes=\"(max-width: 1900px) 100vw, 1900px\" \/><\/div>[\/vc_column][vc_column width=&#8221;1\/3&#8243;]<div class=\"single_image wpb_content_element align-left    \" data-animation=\"none\" data-delay=\"0\"><img width=\"1900\" height=\"1267\" src=\"https:\/\/tablaolaherreria.com\/wp-content\/uploads\/2017\/08\/2017.05.10-Plaza-de-toros-45.jpg\" class=\"attachment-full\" alt=\"\" loading=\"lazy\" srcset=\"https:\/\/tablaolaherreria.com\/wp-content\/uploads\/2017\/08\/2017.05.10-Plaza-de-toros-45.jpg 1900w, https:\/\/tablaolaherreria.com\/wp-content\/uploads\/2017\/08\/2017.05.10-Plaza-de-toros-45-600x400.jpg 600w, https:\/\/tablaolaherreria.com\/wp-content\/uploads\/2017\/08\/2017.05.10-Plaza-de-toros-45-300x200.jpg 300w, https:\/\/tablaolaherreria.com\/wp-content\/uploads\/2017\/08\/2017.05.10-Plaza-de-toros-45-768x512.jpg 768w, https:\/\/tablaolaherreria.com\/wp-content\/uploads\/2017\/08\/2017.05.10-Plaza-de-toros-45-1024x683.jpg 1024w\" sizes=\"(max-width: 1900px) 100vw, 1900px\" \/><\/div>[\/vc_column][\/vc_row][vc_row type=&#8221;full_width_section&#8221;][vc_column width=&#8221;1\/3&#8243;]<div class=\"single_image wpb_content_element align-left    \" data-animation=\"none\" data-delay=\"0\"><img width=\"2000\" height=\"1333\" src=\"https:\/\/tablaolaherreria.com\/wp-content\/uploads\/2017\/08\/MG_6929.jpg\" class=\"attachment-full\" alt=\"\" loading=\"lazy\" srcset=\"https:\/\/tablaolaherreria.com\/wp-content\/uploads\/2017\/08\/MG_6929.jpg 2000w, https:\/\/tablaolaherreria.com\/wp-content\/uploads\/2017\/08\/MG_6929-600x400.jpg 600w, https:\/\/tablaolaherreria.com\/wp-content\/uploads\/2017\/08\/MG_6929-300x200.jpg 300w, https:\/\/tablaolaherreria.com\/wp-content\/uploads\/2017\/08\/MG_6929-768x512.jpg 768w, https:\/\/tablaolaherreria.com\/wp-content\/uploads\/2017\/08\/MG_6929-1024x682.jpg 1024w\" sizes=\"(max-width: 2000px) 100vw, 2000px\" \/><\/div>[\/vc_column][vc_column width=&#8221;1\/3&#8243;]<div class=\"single_image wpb_content_element align-left    \" data-animation=\"none\" data-delay=\"0\"><img width=\"1900\" height=\"1267\" src=\"https:\/\/tablaolaherreria.com\/wp-content\/uploads\/2017\/08\/2017.05.10-Plaza-de-toros-40.jpg\" class=\"attachment-full\" alt=\"\" loading=\"lazy\" srcset=\"https:\/\/tablaolaherreria.com\/wp-content\/uploads\/2017\/08\/2017.05.10-Plaza-de-toros-40.jpg 1900w, https:\/\/tablaolaherreria.com\/wp-content\/uploads\/2017\/08\/2017.05.10-Plaza-de-toros-40-600x400.jpg 600w, https:\/\/tablaolaherreria.com\/wp-content\/uploads\/2017\/08\/2017.05.10-Plaza-de-toros-40-300x200.jpg 300w, https:\/\/tablaolaherreria.com\/wp-content\/uploads\/2017\/08\/2017.05.10-Plaza-de-toros-40-768x512.jpg 768w, https:\/\/tablaolaherreria.com\/wp-content\/uploads\/2017\/08\/2017.05.10-Plaza-de-toros-40-1024x683.jpg 1024w\" sizes=\"(max-width: 1900px) 100vw, 1900px\" \/><\/div>[\/vc_column][vc_column width=&#8221;1\/3&#8243;]<div class=\"single_image wpb_content_element align-left    \" data-animation=\"none\" data-delay=\"0\"><img width=\"1900\" height=\"1267\" src=\"https:\/\/tablaolaherreria.com\/wp-content\/uploads\/2017\/08\/2017.05.10-Plaza-de-toros-27.jpg\" class=\"attachment-full\" alt=\"\" loading=\"lazy\" srcset=\"https:\/\/tablaolaherreria.com\/wp-content\/uploads\/2017\/08\/2017.05.10-Plaza-de-toros-27.jpg 1900w, https:\/\/tablaolaherreria.com\/wp-content\/uploads\/2017\/08\/2017.05.10-Plaza-de-toros-27-600x400.jpg 600w, https:\/\/tablaolaherreria.com\/wp-content\/uploads\/2017\/08\/2017.05.10-Plaza-de-toros-27-300x200.jpg 300w, https:\/\/tablaolaherreria.com\/wp-content\/uploads\/2017\/08\/2017.05.10-Plaza-de-toros-27-768x512.jpg 768w, https:\/\/tablaolaherreria.com\/wp-content\/uploads\/2017\/08\/2017.05.10-Plaza-de-toros-27-1024x683.jpg 1024w\" sizes=\"(max-width: 1900px) 100vw, 1900px\" \/><\/div>[\/vc_column][\/vc_row][vc_row][vc_column width=&#8221;1\/1&#8243;]<div class=\"spacer\" style=\"height: 40px;\"><\/div>[\/vc_column][\/vc_row][vc_row type=&#8221;full_width_section&#8221;][vc_column width=&#8221;1\/1&#8243;][vc_column_text]<\/p>\n<h2 style=\"text-align: center;\"><strong>Degustaci\u00f3 de productes ib\u00e8rics.\u00a0<\/strong><\/h2>\n<p>[\/vc_column_text]<div class=\"spacer\" style=\"height: 5px;\"><\/div>[\/vc_column][\/vc_row][vc_row type=&#8221;full_width_section&#8221;][vc_column width=&#8221;1\/3&#8243;]<div class=\"single_image wpb_content_element align-left    \" data-animation=\"none\" data-delay=\"0\"><img width=\"2000\" height=\"1333\" src=\"https:\/\/tablaolaherreria.com\/wp-content\/uploads\/2017\/08\/MG_6752.jpg\" class=\"attachment-full\" alt=\"\" loading=\"lazy\" srcset=\"https:\/\/tablaolaherreria.com\/wp-content\/uploads\/2017\/08\/MG_6752.jpg 2000w, https:\/\/tablaolaherreria.com\/wp-content\/uploads\/2017\/08\/MG_6752-600x400.jpg 600w, https:\/\/tablaolaherreria.com\/wp-content\/uploads\/2017\/08\/MG_6752-300x200.jpg 300w, https:\/\/tablaolaherreria.com\/wp-content\/uploads\/2017\/08\/MG_6752-768x512.jpg 768w, https:\/\/tablaolaherreria.com\/wp-content\/uploads\/2017\/08\/MG_6752-1024x682.jpg 1024w\" sizes=\"(max-width: 2000px) 100vw, 2000px\" \/><\/div>[\/vc_column][vc_column width=&#8221;1\/3&#8243;]<div class=\"single_image wpb_content_element align-left    \" data-animation=\"none\" data-delay=\"0\"><img width=\"2000\" height=\"1333\" src=\"https:\/\/tablaolaherreria.com\/wp-content\/uploads\/2017\/08\/MG_6761.jpg\" class=\"attachment-full\" alt=\"\" loading=\"lazy\" srcset=\"https:\/\/tablaolaherreria.com\/wp-content\/uploads\/2017\/08\/MG_6761.jpg 2000w, https:\/\/tablaolaherreria.com\/wp-content\/uploads\/2017\/08\/MG_6761-600x400.jpg 600w, https:\/\/tablaolaherreria.com\/wp-content\/uploads\/2017\/08\/MG_6761-300x200.jpg 300w, https:\/\/tablaolaherreria.com\/wp-content\/uploads\/2017\/08\/MG_6761-768x512.jpg 768w, https:\/\/tablaolaherreria.com\/wp-content\/uploads\/2017\/08\/MG_6761-1024x682.jpg 1024w\" sizes=\"(max-width: 2000px) 100vw, 2000px\" \/><\/div>[\/vc_column][vc_column width=&#8221;1\/3&#8243;]<div class=\"single_image wpb_content_element align-left    \" data-animation=\"none\" data-delay=\"0\"><img width=\"1900\" height=\"1267\" src=\"https:\/\/tablaolaherreria.com\/wp-content\/uploads\/2017\/08\/MG_6738.jpg\" class=\"attachment-full\" alt=\"\" loading=\"lazy\" srcset=\"https:\/\/tablaolaherreria.com\/wp-content\/uploads\/2017\/08\/MG_6738.jpg 1900w, https:\/\/tablaolaherreria.com\/wp-content\/uploads\/2017\/08\/MG_6738-600x400.jpg 600w, https:\/\/tablaolaherreria.com\/wp-content\/uploads\/2017\/08\/MG_6738-300x200.jpg 300w, https:\/\/tablaolaherreria.com\/wp-content\/uploads\/2017\/08\/MG_6738-768x512.jpg 768w, https:\/\/tablaolaherreria.com\/wp-content\/uploads\/2017\/08\/MG_6738-1024x683.jpg 1024w\" sizes=\"(max-width: 1900px) 100vw, 1900px\" \/><\/div>[\/vc_column][\/vc_row][vc_row][vc_column width=&#8221;1\/1&#8243;]<div class=\"spacer\" style=\"height: 40px;\"><\/div>[\/vc_column][\/vc_row][vc_row type=&#8221;full_width_section&#8221;][vc_column width=&#8221;1\/3&#8243;][\/vc_column][vc_column text_align=&#8221;center&#8221; width=&#8221;1\/3&#8243;]<a href=\"https:\/\/tablaolaherreria.com\/ca\/contacte\/\" target=\"_self\" class=\"button button-appear color-1 large \" style=\"border-radius: 2px;\"><span>SOL\u00b7LICITAR M\u00c9S INFORMACI\u00d3<\/span><\/a>[\/vc_column][vc_column width=&#8221;1\/3&#8243;][\/vc_column][\/vc_row][vc_row][vc_column width=&#8221;1\/1&#8243;]<div class=\"spacer\" style=\"height: 40px;\"><\/div>[\/vc_column][\/vc_row]<\/p>\n","protected":false},"excerpt":{"rendered":"<p>[vc_row][vc_column width=&#8221;1\/2&#8243;][vc_column_text]FLAMENC ESPANYA EXPERI\u00c8NCIA \u00e9s un espectacle de flamenc de tall tradicional, creat per a gira internacional sota demanda, que convida al p\u00fablic a submergir-se en l&#8217;ess\u00e8ncia m\u00e9s aut\u00e8ntica d&#8217;aquest art universal. A trav\u00e9s del canti, el ball i la m\u00fasica en directe, es mostren els pals m\u00e9s representatius del flamenc i la nostra manera d&#8217;expressar-nos i presentar-nos davant el m\u00f3n. Sobre l&#8217;escenari, l&#8217;espectador podr\u00e0 gaudir de la riquesa est\u00e8tica i simb\u00f2lica del flamenc: castanyoles, ventalls, mantons, bata de cua i elegants vestits que acompanyen cada quadre amb for\u00e7a, eleg\u00e0ncia i veritat. Un espectacle pensat per a sentir, comprendre i viure el flamenc en la seva forma m\u00e9s pura. S&#8217;interpreten cantis i balls com la sole\u00e1, les alegries de Cadis, els tangos de Granada, les sevillanes de Sevilla, les seguiriyas, el martinet de nit i les buleries, oferint un recorregut complet per la diversitat i l&#8217;\u00e0nima del flamenc.[\/vc_column_text][\/vc_column][vc_column width=&#8221;1\/2&#8243;][vc_column_text] FLAMENC ESPANYA EXPERI\u00c8NCIA Durada: 1 hora i 20 minuts Compta amb 9 artistes en escena: 3 bailaores 1 bailaor 2 cantaores 1 guitarrista 1 percussionista 1 flautista L&#8217;espectacle est\u00e0 dirigit pel ballador i core\u00f2graf Jes\u00fas Blanco, distingit amb el Premi al M\u00e8rit Cultural en reconeixement a la seva destacada traject\u00f2ria en [&hellip;]<\/p>\n","protected":false},"author":230,"featured_media":0,"parent":0,"menu_order":0,"comment_status":"closed","ping_status":"closed","template":"","meta":[],"yoast_head":"<!-- This site is optimized with the Yoast SEO plugin v18.2 - https:\/\/yoast.com\/wordpress\/plugins\/seo\/ -->\n<meta name=\"robots\" content=\"index, follow, max-snippet:-1, max-image-preview:large, max-video-preview:-1\" \/>\n<link rel=\"canonical\" href=\"https:\/\/tablaolaherreria.com\/ca\/flamenc-espanya-experiencia\/\" \/>\n<meta property=\"og:locale\" content=\"ca_ES\" \/>\n<meta property=\"og:type\" content=\"article\" \/>\n<meta property=\"og:title\" content=\"FLAMENC ESPANYA EXPERI\u00c8NCIA - La Herrer\u00eda Tablao flamenco\" \/>\n<meta property=\"og:description\" content=\"[vc_row][vc_column width=&#8221;1\/2&#8243;][vc_column_text]FLAMENC ESPANYA EXPERI\u00c8NCIA \u00e9s un espectacle de flamenc de tall tradicional, creat per a gira internacional sota demanda, que convida al p\u00fablic a submergir-se en l&#8217;ess\u00e8ncia m\u00e9s aut\u00e8ntica d&#8217;aquest art universal. A trav\u00e9s del canti, el ball i la m\u00fasica en directe, es mostren els pals m\u00e9s representatius del flamenc i la nostra manera d&#8217;expressar-nos i presentar-nos davant el m\u00f3n. Sobre l&#8217;escenari, l&#8217;espectador podr\u00e0 gaudir de la riquesa est\u00e8tica i simb\u00f2lica del flamenc: castanyoles, ventalls, mantons, bata de cua i elegants vestits que acompanyen cada quadre amb for\u00e7a, eleg\u00e0ncia i veritat. Un espectacle pensat per a sentir, comprendre i viure el flamenc en la seva forma m\u00e9s pura. S&#8217;interpreten cantis i balls com la sole\u00e1, les alegries de Cadis, els tangos de Granada, les sevillanes de Sevilla, les seguiriyas, el martinet de nit i les buleries, oferint un recorregut complet per la diversitat i l&#8217;\u00e0nima del flamenc.[\/vc_column_text][\/vc_column][vc_column width=&#8221;1\/2&#8243;][vc_column_text] FLAMENC ESPANYA EXPERI\u00c8NCIA Durada: 1 hora i 20 minuts Compta amb 9 artistes en escena: 3 bailaores 1 bailaor 2 cantaores 1 guitarrista 1 percussionista 1 flautista L&#8217;espectacle est\u00e0 dirigit pel ballador i core\u00f2graf Jes\u00fas Blanco, distingit amb el Premi al M\u00e8rit Cultural en reconeixement a la seva destacada traject\u00f2ria en [&hellip;]\" \/>\n<meta property=\"og:url\" content=\"https:\/\/tablaolaherreria.com\/ca\/flamenc-espanya-experiencia\/\" \/>\n<meta property=\"og:site_name\" content=\"La Herrer\u00eda Tablao flamenco\" \/>\n<meta property=\"article:modified_time\" content=\"2026-03-01T01:03:51+00:00\" \/>\n<meta name=\"twitter:card\" content=\"summary\" \/>\n<meta name=\"twitter:label1\" content=\"Est. reading time\" \/>\n\t<meta name=\"twitter:data1\" content=\"3 minutes\" \/>\n<script type=\"application\/ld+json\" class=\"yoast-schema-graph\">{\"@context\":\"https:\/\/schema.org\",\"@graph\":[{\"@type\":\"Organization\",\"@id\":\"https:\/\/tablaolaherreria.com\/#organization\",\"name\":\"La Herrer\u00eda\",\"url\":\"https:\/\/tablaolaherreria.com\/\",\"sameAs\":[],\"logo\":{\"@type\":\"ImageObject\",\"@id\":\"https:\/\/tablaolaherreria.com\/#logo\",\"inLanguage\":\"ca\",\"url\":\"https:\/\/tablaolaherreria.com\/wp-content\/uploads\/2016\/06\/Logo-copy-1.png\",\"contentUrl\":\"https:\/\/tablaolaherreria.com\/wp-content\/uploads\/2016\/06\/Logo-copy-1.png\",\"width\":800,\"height\":272,\"caption\":\"La Herrer\u00eda\"},\"image\":{\"@id\":\"https:\/\/tablaolaherreria.com\/#logo\"}},{\"@type\":\"WebSite\",\"@id\":\"https:\/\/tablaolaherreria.com\/#website\",\"url\":\"https:\/\/tablaolaherreria.com\/\",\"name\":\"La Herrer\u00eda Tablao flamenco\",\"description\":\"Tablao Flamenco Tarragona\",\"publisher\":{\"@id\":\"https:\/\/tablaolaherreria.com\/#organization\"},\"potentialAction\":[{\"@type\":\"SearchAction\",\"target\":{\"@type\":\"EntryPoint\",\"urlTemplate\":\"https:\/\/tablaolaherreria.com\/?s={search_term_string}\"},\"query-input\":\"required name=search_term_string\"}],\"inLanguage\":\"ca\"},{\"@type\":\"WebPage\",\"@id\":\"https:\/\/tablaolaherreria.com\/ca\/flamenc-espanya-experiencia\/#webpage\",\"url\":\"https:\/\/tablaolaherreria.com\/ca\/flamenc-espanya-experiencia\/\",\"name\":\"FLAMENC ESPANYA EXPERI\u00c8NCIA - La Herrer\u00eda Tablao flamenco\",\"isPartOf\":{\"@id\":\"https:\/\/tablaolaherreria.com\/#website\"},\"datePublished\":\"2026-03-01T01:02:52+00:00\",\"dateModified\":\"2026-03-01T01:03:51+00:00\",\"breadcrumb\":{\"@id\":\"https:\/\/tablaolaherreria.com\/ca\/flamenc-espanya-experiencia\/#breadcrumb\"},\"inLanguage\":\"ca\",\"potentialAction\":[{\"@type\":\"ReadAction\",\"target\":[\"https:\/\/tablaolaherreria.com\/ca\/flamenc-espanya-experiencia\/\"]}]},{\"@type\":\"BreadcrumbList\",\"@id\":\"https:\/\/tablaolaherreria.com\/ca\/flamenc-espanya-experiencia\/#breadcrumb\",\"itemListElement\":[{\"@type\":\"ListItem\",\"position\":1,\"name\":\"Portada\",\"item\":\"https:\/\/tablaolaherreria.com\/ca\/\"},{\"@type\":\"ListItem\",\"position\":2,\"name\":\"FLAMENC ESPANYA EXPERI\u00c8NCIA\"}]}]}<\/script>\n<!-- \/ Yoast SEO plugin. -->","yoast_head_json":{"robots":{"index":"index","follow":"follow","max-snippet":"max-snippet:-1","max-image-preview":"max-image-preview:large","max-video-preview":"max-video-preview:-1"},"canonical":"https:\/\/tablaolaherreria.com\/ca\/flamenc-espanya-experiencia\/","og_locale":"ca_ES","og_type":"article","og_title":"FLAMENC ESPANYA EXPERI\u00c8NCIA - La Herrer\u00eda Tablao flamenco","og_description":"[vc_row][vc_column width=&#8221;1\/2&#8243;][vc_column_text]FLAMENC ESPANYA EXPERI\u00c8NCIA \u00e9s un espectacle de flamenc de tall tradicional, creat per a gira internacional sota demanda, que convida al p\u00fablic a submergir-se en l&#8217;ess\u00e8ncia m\u00e9s aut\u00e8ntica d&#8217;aquest art universal. A trav\u00e9s del canti, el ball i la m\u00fasica en directe, es mostren els pals m\u00e9s representatius del flamenc i la nostra manera d&#8217;expressar-nos i presentar-nos davant el m\u00f3n. Sobre l&#8217;escenari, l&#8217;espectador podr\u00e0 gaudir de la riquesa est\u00e8tica i simb\u00f2lica del flamenc: castanyoles, ventalls, mantons, bata de cua i elegants vestits que acompanyen cada quadre amb for\u00e7a, eleg\u00e0ncia i veritat. Un espectacle pensat per a sentir, comprendre i viure el flamenc en la seva forma m\u00e9s pura. S&#8217;interpreten cantis i balls com la sole\u00e1, les alegries de Cadis, els tangos de Granada, les sevillanes de Sevilla, les seguiriyas, el martinet de nit i les buleries, oferint un recorregut complet per la diversitat i l&#8217;\u00e0nima del flamenc.[\/vc_column_text][\/vc_column][vc_column width=&#8221;1\/2&#8243;][vc_column_text] FLAMENC ESPANYA EXPERI\u00c8NCIA Durada: 1 hora i 20 minuts Compta amb 9 artistes en escena: 3 bailaores 1 bailaor 2 cantaores 1 guitarrista 1 percussionista 1 flautista L&#8217;espectacle est\u00e0 dirigit pel ballador i core\u00f2graf Jes\u00fas Blanco, distingit amb el Premi al M\u00e8rit Cultural en reconeixement a la seva destacada traject\u00f2ria en [&hellip;]","og_url":"https:\/\/tablaolaherreria.com\/ca\/flamenc-espanya-experiencia\/","og_site_name":"La Herrer\u00eda Tablao flamenco","article_modified_time":"2026-03-01T01:03:51+00:00","twitter_card":"summary","twitter_misc":{"Est. reading time":"3 minutes"},"schema":{"@context":"https:\/\/schema.org","@graph":[{"@type":"Organization","@id":"https:\/\/tablaolaherreria.com\/#organization","name":"La Herrer\u00eda","url":"https:\/\/tablaolaherreria.com\/","sameAs":[],"logo":{"@type":"ImageObject","@id":"https:\/\/tablaolaherreria.com\/#logo","inLanguage":"ca","url":"https:\/\/tablaolaherreria.com\/wp-content\/uploads\/2016\/06\/Logo-copy-1.png","contentUrl":"https:\/\/tablaolaherreria.com\/wp-content\/uploads\/2016\/06\/Logo-copy-1.png","width":800,"height":272,"caption":"La Herrer\u00eda"},"image":{"@id":"https:\/\/tablaolaherreria.com\/#logo"}},{"@type":"WebSite","@id":"https:\/\/tablaolaherreria.com\/#website","url":"https:\/\/tablaolaherreria.com\/","name":"La Herrer\u00eda Tablao flamenco","description":"Tablao Flamenco Tarragona","publisher":{"@id":"https:\/\/tablaolaherreria.com\/#organization"},"potentialAction":[{"@type":"SearchAction","target":{"@type":"EntryPoint","urlTemplate":"https:\/\/tablaolaherreria.com\/?s={search_term_string}"},"query-input":"required name=search_term_string"}],"inLanguage":"ca"},{"@type":"WebPage","@id":"https:\/\/tablaolaherreria.com\/ca\/flamenc-espanya-experiencia\/#webpage","url":"https:\/\/tablaolaherreria.com\/ca\/flamenc-espanya-experiencia\/","name":"FLAMENC ESPANYA EXPERI\u00c8NCIA - La Herrer\u00eda Tablao flamenco","isPartOf":{"@id":"https:\/\/tablaolaherreria.com\/#website"},"datePublished":"2026-03-01T01:02:52+00:00","dateModified":"2026-03-01T01:03:51+00:00","breadcrumb":{"@id":"https:\/\/tablaolaherreria.com\/ca\/flamenc-espanya-experiencia\/#breadcrumb"},"inLanguage":"ca","potentialAction":[{"@type":"ReadAction","target":["https:\/\/tablaolaherreria.com\/ca\/flamenc-espanya-experiencia\/"]}]},{"@type":"BreadcrumbList","@id":"https:\/\/tablaolaherreria.com\/ca\/flamenc-espanya-experiencia\/#breadcrumb","itemListElement":[{"@type":"ListItem","position":1,"name":"Portada","item":"https:\/\/tablaolaherreria.com\/ca\/"},{"@type":"ListItem","position":2,"name":"FLAMENC ESPANYA EXPERI\u00c8NCIA"}]}]}},"_links":{"self":[{"href":"https:\/\/tablaolaherreria.com\/ca\/wp-json\/wp\/v2\/pages\/21465"}],"collection":[{"href":"https:\/\/tablaolaherreria.com\/ca\/wp-json\/wp\/v2\/pages"}],"about":[{"href":"https:\/\/tablaolaherreria.com\/ca\/wp-json\/wp\/v2\/types\/page"}],"author":[{"embeddable":true,"href":"https:\/\/tablaolaherreria.com\/ca\/wp-json\/wp\/v2\/users\/230"}],"replies":[{"embeddable":true,"href":"https:\/\/tablaolaherreria.com\/ca\/wp-json\/wp\/v2\/comments?post=21465"}],"version-history":[{"count":2,"href":"https:\/\/tablaolaherreria.com\/ca\/wp-json\/wp\/v2\/pages\/21465\/revisions"}],"predecessor-version":[{"id":21468,"href":"https:\/\/tablaolaherreria.com\/ca\/wp-json\/wp\/v2\/pages\/21465\/revisions\/21468"}],"wp:attachment":[{"href":"https:\/\/tablaolaherreria.com\/ca\/wp-json\/wp\/v2\/media?parent=21465"}],"curies":[{"name":"wp","href":"https:\/\/api.w.org\/{rel}","templated":true}]}}